{"id":6112,"date":"2025-08-15T12:00:57","date_gmt":"2025-08-15T10:00:57","guid":{"rendered":"https:\/\/z-7.chprodukt\/voelkerball\/"},"modified":"2026-03-27T14:18:51","modified_gmt":"2026-03-27T13:18:51","slug":"voelkerball","status":"publish","type":"product","link":"https:\/\/z-7.ch\/fr\/event\/voelkerball\/","title":{"rendered":"V\u00f6lkerball"},"content":{"rendered":"<h3>REPORT DE CONCERT \u2013 V\u00d6LKERBALL<\/h3>\n<p>Ces derniers jours, nous avons longuement r\u00e9fl\u00e9chi \u00e0 la situation au Z7. Les \u00e9v\u00e9nements survenus \u00e0 Crans-Montana nous ont profond\u00e9ment touch\u00e9s \u2013 et ils influencent \u00e9galement la mani\u00e8re dont certaines personnes se sentent actuellement dans certaines situations. Par respect pour les personnes concern\u00e9es et leurs proches, mais aussi pour nos visiteuses et visiteurs qui pourraient se sentir mal \u00e0 l\u2019aise lors de concerts avec beaucoup de feu et d\u2019effets pyrotechniques, nous avons d\u00e9cid\u00e9 de renoncer aux effets de feu et de pyrotechnie en salle jusqu\u2019\u00e0 la saison open air.<br \/>Les concerts de V\u00f6lkerball \u00e9tant indissociables de ces \u00e9l\u00e9ments, nous avons d\u00e9cid\u00e9 de reporter les deux dates au mois de septembre.  <\/p>\n<p><strong>Les concerts auront d\u00e9sormais lieu les 11 et 12 septembre 2026.  <\/strong><br \/>\nLes billets pour le ven. 17.04.2026 seront d\u00e9sormais valables pour le ven. 11.09.2026<br \/>\nLes billets pour le sam. 18.04.2026 seront d\u00e9sormais valables pour le sam. 12.09.2026  <\/p>\n<p>Les personnes ne pouvant pas assister aux nouvelles dates peuvent se faire rembourser leurs billets au point de vente initial.<\/p>\n<p><a class=\"button\" href=\"https:\/\/z-7.ch\/fr\/infos-pour-les-visiteurs\/#ticketrueckerstattung\">INFORMATIONS CONCERNANT LE REMBOURSEMENT DES BILLETS<\/a><\/p>\n<h3>99,9 % RAMMSTEIN \u2013 100 % V\u00d6LKERBALL<br \/><\/h3>\n<p><strong>En 2026, V\u00f6lkerball \u2013 le tribute band Rammstein le plus authentique d\u2019Europe \u2013 prennent litt\u00e9ralement leur envol. Gr\u00e2ce \u00e0 des accessoires recr\u00e9\u00e9s \u00e0 l\u2019identique, le groupe parvient cette ann\u00e9e plus que jamais \u00e0 rapprocher le public de la perfection d\u2019un concert de Rammstein et \u00e0 en faire une r\u00e9alit\u00e9 \u00e0 couper le souffle. <\/strong><\/p>\n<p>Comme personne d\u2019autre, V\u00f6lkerball transposent l\u2019exp\u00e9rience sc\u00e9nique des g\u00e9ants du rock berlinois avec une puissance explosive et un niveau de perfection in\u00e9dit. V\u00f6lkerball : 99,9 % Rammstein \u2013 100 % V\u00f6lkerball est bien plus qu\u2019une promesse : le groupe est une garantie de frissons, d\u2019un show pyrotechnique impressionnant et d\u2019une pr\u00e9cision musicale au plus haut niveau.<br \/>\nEn 2026, V\u00f6lkerball repoussent une fois encore les limites en mati\u00e8re de mise en sc\u00e8ne et de fid\u00e9lit\u00e9 \u00e0 leur illustre mod\u00e8le. Des accessoires embl\u00e9matiques et appr\u00e9ci\u00e9s comme l\u2019arc de feu ou le lance-flammes sur le titre Mein Teil alternent avec de nouveaux \u00e9l\u00e9ments, tels que le phallus surdimensionn\u00e9 projetant des confettis dans Pussy. Fid\u00e8le au nom de la tourn\u00e9e \u00ab Engel \u00bb, Ren\u00e9 \u2013 alias Till \u2013 s\u2019\u00e9l\u00e8ve dans les airs avec de puissantes ailes, jusqu\u2019au toit de la sc\u00e8ne, avant de lancer le grand final du tribute show de 2h30 dans une temp\u00eate pyrotechnique d\u2019une intensit\u00e9 brute.<br \/>\nEn 2026, V\u00f6lkerball r\u00e9ussiront une nouvelle fois \u00e0 pr\u00e9senter une mise en sc\u00e8ne spectaculaire, sans \u00e9quivalent en termes de dynamisme, de puissance et d\u2019authenticit\u00e9. Chaque concert de V\u00f6lkerball devient ainsi une exp\u00e9rience exceptionnelle et fascinante pour le public, avec un son parfait, des jeux de lumi\u00e8re spectaculaires et des effets pyrotechniques monumentaux.   <\/p>\n","protected":false},"excerpt":{"rendered":"<p>REPORT DE CONCERT \u2013 V\u00d6LKERBALL Ces derniers jours, nous avons longuement r\u00e9fl\u00e9chi \u00e0 la situation au Z7. Les \u00e9v\u00e9nements survenus&hellip;<\/p>\n","protected":false},"author":2,"featured_media":1419,"template":"","meta":{"_acf_changed":false},"product_brand":[],"product_cat":[160],"product_tag":[197,114,198],"class_list":{"0":"post-6112","1":"product","2":"type-product","3":"status-publish","4":"has-post-thumbnail","6":"product_cat-event","7":"product_tag-dark-rock-metal","8":"product_tag-industrial-metal-fr","9":"product_tag-tribute","11":"first","12":"instock","13":"virtual","14":"purchasable","15":"product-type-simple"},"acf":[],"_links":{"self":[{"href":"https:\/\/z-7.ch\/fr\/wp-json\/wp\/v2\/product\/6112","targetHints":{"allow":["GET"]}}],"collection":[{"href":"https:\/\/z-7.ch\/fr\/wp-json\/wp\/v2\/product"}],"about":[{"href":"https:\/\/z-7.ch\/fr\/wp-json\/wp\/v2\/types\/product"}],"author":[{"embeddable":true,"href":"https:\/\/z-7.ch\/fr\/wp-json\/wp\/v2\/users\/2"}],"wp:featuredmedia":[{"embeddable":true,"href":"https:\/\/z-7.ch\/fr\/wp-json\/wp\/v2\/media\/1419"}],"wp:attachment":[{"href":"https:\/\/z-7.ch\/fr\/wp-json\/wp\/v2\/media?parent=6112"}],"wp:term":[{"taxonomy":"product_brand","embeddable":true,"href":"https:\/\/z-7.ch\/fr\/wp-json\/wp\/v2\/product_brand?post=6112"},{"taxonomy":"product_cat","embeddable":true,"href":"https:\/\/z-7.ch\/fr\/wp-json\/wp\/v2\/product_cat?post=6112"},{"taxonomy":"product_tag","embeddable":true,"href":"https:\/\/z-7.ch\/fr\/wp-json\/wp\/v2\/product_tag?post=6112"}],"curies":[{"name":"wp","href":"https:\/\/api.w.org\/{rel}","templated":true}]}}